{"id":770,"date":"2018-02-08T14:34:31","date_gmt":"2018-02-08T14:34:31","guid":{"rendered":"http:\/\/www.handu.fi\/ilonakorhonen\/?page_id=770"},"modified":"2023-03-06T10:02:42","modified_gmt":"2023-03-06T10:02:42","slug":"uutisia","status":"publish","type":"page","link":"https:\/\/www.handu.fi\/ilonakorhonen\/uutisia\/","title":{"rendered":"uutisia"},"content":{"rendered":"<h6>6.3.2021<\/h6>\n<p>Uusi promokuvia otettiin taas kes\u00e4n tarpeisiin. Stylistin\u00e4, modistina ja kuvaajana j\u00e4lleen uskomaton Tatu Rouvinen (mainittava kuvia k\u00e4ytett\u00e4ess\u00e4).<\/p>\n<p>Pikkukuvista klikkaamalla latautuvat t\u00e4yskokoiset kuvat. Lis\u00e4\u00e4 vaihtoehtoja on ladattavana t\u00e4st\u00e4 linkist\u00e4: <span style=\"text-decoration: underline;\"><a href=\"https:\/\/www.handu.fi\/ilonakorhonen\/kuka-mita\/promokuvat\/\">promokuvat<\/a><\/span><\/p>\n<p><a href=\"http:\/\/www.handu.fi\/ilonakorhonen\/wp-content\/uploads\/2023\/03\/i13-1-scaled.jpg\"><img decoding=\"async\" loading=\"lazy\" class=\" wp-image-888 alignleft\" src=\"http:\/\/www.handu.fi\/ilonakorhonen\/wp-content\/uploads\/2023\/03\/i13-1-200x300.jpg\" alt=\"\" width=\"382\" height=\"573\" srcset=\"https:\/\/www.handu.fi\/ilonakorhonen\/wp-content\/uploads\/2023\/03\/i13-1-200x300.jpg 200w, https:\/\/www.handu.fi\/ilonakorhonen\/wp-content\/uploads\/2023\/03\/i13-1-683x1024.jpg 683w, https:\/\/www.handu.fi\/ilonakorhonen\/wp-content\/uploads\/2023\/03\/i13-1-768x1152.jpg 768w, https:\/\/www.handu.fi\/ilonakorhonen\/wp-content\/uploads\/2023\/03\/i13-1-1024x1536.jpg 1024w, https:\/\/www.handu.fi\/ilonakorhonen\/wp-content\/uploads\/2023\/03\/i13-1-1365x2048.jpg 1365w, https:\/\/www.handu.fi\/ilonakorhonen\/wp-content\/uploads\/2023\/03\/i13-1-scaled.jpg 1707w\" sizes=\"(max-width: 382px) 100vw, 382px\" \/><\/a><\/p>\n<p><a href=\"http:\/\/www.handu.fi\/ilonakorhonen\/wp-content\/uploads\/2023\/03\/i9c-scaled.jpg\"><img decoding=\"async\" loading=\"lazy\" class=\" wp-image-887 alignleft\" src=\"http:\/\/www.handu.fi\/ilonakorhonen\/wp-content\/uploads\/2023\/03\/i9c-200x300.jpg\" alt=\"\" width=\"382\" height=\"572\" srcset=\"https:\/\/www.handu.fi\/ilonakorhonen\/wp-content\/uploads\/2023\/03\/i9c-200x300.jpg 200w, https:\/\/www.handu.fi\/ilonakorhonen\/wp-content\/uploads\/2023\/03\/i9c-683x1024.jpg 683w, https:\/\/www.handu.fi\/ilonakorhonen\/wp-content\/uploads\/2023\/03\/i9c-768x1152.jpg 768w, https:\/\/www.handu.fi\/ilonakorhonen\/wp-content\/uploads\/2023\/03\/i9c-1024x1536.jpg 1024w, https:\/\/www.handu.fi\/ilonakorhonen\/wp-content\/uploads\/2023\/03\/i9c-1365x2048.jpg 1365w, https:\/\/www.handu.fi\/ilonakorhonen\/wp-content\/uploads\/2023\/03\/i9c-scaled.jpg 1707w\" sizes=\"(max-width: 382px) 100vw, 382px\" \/><\/a><\/p>\n<h6>10.2.2023<\/h6>\n<p>Runolaulajan kes\u00e4st\u00e4 on tulossa kiireinen, monikin festivaali on innokkaasti kysellyt omaa runolauluannostaan! Julkaisen lis\u00e4tietoja, kun niit\u00e4 julkaistaan.<\/p>\n<p>Suurhankkeestamme <a href=\"https:\/\/www.facebook.com\/LaulettuKalevala\"><em>Laulettu Kalevala<\/em><\/a> julkaistaan ensimm\u00e4inen osio Kalevalan p\u00e4iv\u00e4n viikolla 26.-28.2. Feniksill\u00e4, (P. Rautatiekatu). Luvassa yhteist\u00e4 runolaulua Kalevalasta kolmen p\u00e4iv\u00e4n ajan. OKM! (Oma Kalevala mukaan!)<\/p>\n<p>Valitettavasti n\u00e4m\u00e4 kotisivut kyykk\u00e4siv\u00e4t vuoden alkajaisiksi, joten ulkoasu on t\u00e4ll\u00e4 hetkell\u00e4 viimeistelem\u00e4t\u00f6n. Uudistusta on luvassa, siihen saakka toiminevat n\u00e4in, keskener\u00e4isell\u00e4 tunnelmalla.<\/p>\n<h6>28.4.2022<\/h6>\n<h4><strong>Uusia promokuvia<\/strong><\/h4>\n<p>Tatu Rouvisen (mainittava k\u00e4ytett\u00e4ess\u00e4) stailaamat, meikkaamat ja kuvaamat uudet promokuvat on nyt ladattavissa!<\/p>\n<p><a href=\"http:\/\/www.handu.fi\/ilonakorhonen\/wp-content\/uploads\/2018\/02\/i12b.jpg\"><img decoding=\"async\" loading=\"lazy\" class=\"alignleft wp-image-829 \" src=\"http:\/\/www.handu.fi\/ilonakorhonen\/wp-content\/uploads\/2018\/02\/i12b-744x1024.jpg\" alt=\"\" width=\"465\" height=\"640\" srcset=\"https:\/\/www.handu.fi\/ilonakorhonen\/wp-content\/uploads\/2018\/02\/i12b-744x1024.jpg 744w, https:\/\/www.handu.fi\/ilonakorhonen\/wp-content\/uploads\/2018\/02\/i12b-218x300.jpg 218w, https:\/\/www.handu.fi\/ilonakorhonen\/wp-content\/uploads\/2018\/02\/i12b-768x1057.jpg 768w, https:\/\/www.handu.fi\/ilonakorhonen\/wp-content\/uploads\/2018\/02\/i12b-1080x1486.jpg 1080w\" sizes=\"(max-width: 465px) 100vw, 465px\" \/><\/a><\/p>\n<h6><\/h6>\n<h6><a href=\"http:\/\/www.handu.fi\/ilonakorhonen\/wp-content\/uploads\/2018\/02\/ilona1b.jpg\"><img decoding=\"async\" loading=\"lazy\" class=\" wp-image-830 alignleft\" src=\"http:\/\/www.handu.fi\/ilonakorhonen\/wp-content\/uploads\/2018\/02\/ilona1b-224x300.jpg\" alt=\"\" width=\"465\" height=\"622\" srcset=\"https:\/\/www.handu.fi\/ilonakorhonen\/wp-content\/uploads\/2018\/02\/ilona1b-224x300.jpg 224w, https:\/\/www.handu.fi\/ilonakorhonen\/wp-content\/uploads\/2018\/02\/ilona1b-768x1027.jpg 768w, https:\/\/www.handu.fi\/ilonakorhonen\/wp-content\/uploads\/2018\/02\/ilona1b-766x1024.jpg 766w, https:\/\/www.handu.fi\/ilonakorhonen\/wp-content\/uploads\/2018\/02\/ilona1b-1080x1444.jpg 1080w\" sizes=\"(max-width: 465px) 100vw, 465px\" \/><\/a><\/h6>\n<h6><\/h6>\n<h6><\/h6>\n<h6><\/h6>\n<h6><\/h6>\n<h6><\/h6>\n<h6><\/h6>\n<h6><\/h6>\n<h6><\/h6>\n<h6><\/h6>\n<h6><\/h6>\n<h6><\/h6>\n<p>*<\/p>\n<h6>17.7.2021<\/h6>\n<h4><strong>Huikeaa!<\/strong><\/h4>\n<p>Korona on sotkenut keikkarintaman ihan kunnolla, t\u00e4n\u00e4 kes\u00e4n\u00e4 muutama runolaulukonsertti on saatu lauletuksi.<\/p>\n<p>Huikein tapaus sattui hijattain, kun valtio, Taiteen keskustoimikunta my\u00f6nsi minulle viisivuotisen taiteilijaprofessoriapurahan alkaen 1.1.2021. Se tarkoittaa viisivuotista apurahakautta, jonka ajan oikeutenani on k\u00e4ytt\u00e4\u00e4 taiteilijaprofessorin arvonime\u00e4. Ajattelen t\u00e4t\u00e4 huomionosoitusta koko runolaulukollegiollemme, t\u00e4st\u00e4 alkakoon runolaulutaiteen uusi huomen! Lis\u00e4tietoja <span style=\"text-decoration: underline;\"><a href=\"https:\/\/www.taike.fi\/fi\/uutinen\/-\/news\/1376253\">Taiken sivuilta.<\/a><\/span><\/p>\n<p>Syyskausi aherretaan viel\u00e4 Suomen romanikulttuurin museon hankkeessa upean Hilja Gr\u00f6nforsin laulukirjaa.<\/p>\n<p>Kes\u00e4n kiinnostavimmat keikat esitet\u00e4\u00e4n<span style=\"text-decoration: underline;\"><a href=\"https:\/\/www.etno-espa.fi\/fi\/\"> Etno-Espalla<\/a><\/span>, siell\u00e4 my\u00f6s Alkukalevala, duona Maari Kallbergin kanssa. Siell\u00e4 tavataan 3.8.<\/p>\n<p>Ihanaa kes\u00e4\u00e4! t. ilona<\/p>\n<h6><\/h6>\n<h6>26.11.2020<\/h6>\n<h4><strong>Koronakuulumisia<\/strong><\/h4>\n<p>Koko kev\u00e4\u00e4n ja kes\u00e4n suunnitelmat meniv\u00e4t mets\u00e4\u00e4n, kiitos koronan. Koronasulun ja -rajoitusten aikana ty\u00f6skenteleminen on ollut vaikeaa, kes\u00e4ll\u00e4 onneksi saatiin viett\u00e4\u00e4 muutamia pieni\u00e4 festivaaleja ja laulaa muutamia keikkoja. On erityisen vaikeaa seilailla toivonpilkahtusten \u2013 tulevien mahdollisten keikkojen ja t\u00f6iden \u2013 ja aina uusien peruuntumisten ja kieltojen ristiaallokossa.<\/p>\n<p>Uutta on luvassa, idoita olis vaikka lampaat s\u00f6is. Uusia aikoja, keikkoja ja tuotantoja odotellessa.<\/p>\n<p>ilona<\/p>\n<h6>11.3.2020<\/h6>\n<p><strong>ILONA KORHONEN \u2013 TAITO HOFFR\u00c9N:<\/strong><br \/>\n<strong> Min\u00e4, Paraske. Sin\u00e4, Arhippa.<\/strong><\/p>\n<p>Suomen p\u00e4ivyst\u00e4v\u00e4n runolaulupariskunnan, Ilona Korhosen ja Taito Hoffr\u00e9nin, tuliter\u00e4 tuplalevy <i>Min\u00e4 Paraske. Sin\u00e4 Arhippa <\/i>julkaistiin<a href=\"http:\/\/www.ikiturso.fi\"> Oodi Runolaululle<\/a> -runolaulujuhlaviikolla Kalevalanp\u00e4iv\u00e4viikolla.<\/p>\n<p>Sek\u00e4 Ilona Korhosen suhde Larin Paraskeen ett\u00e4 Taito Hoffr\u00e9nin suhde Arhippa Perttuseen on intensiivinen ja kest\u00e4nyt jo vuosikymmenen. Molemmat runolaulajat ovat tutkineet ja esitt\u00e4neet esikuvansa innoittamaa musiikkia sooloesityksin\u00e4 niin Suomessa kuin ulkomaillakin. <i>Min\u00e4 Paraske. Sin\u00e4 Arhippa<\/i> vastaa kuulijoiden toiveisiin ja t\u00e4ytt\u00e4\u00e4 omalta osaltaan soolorunolaululevytysten huutavaa puutetta.<\/p>\n<blockquote><p><i>Mit\u00e4 olemmekaan menett\u00e4neet, kun olemme sulkeneet s\u00e4estyksett\u00f6m\u00e4n soololaulun musiikkimme ulkopuolelle! Muun muassa runolaulun vuosituhantisen tradition. Emme en\u00e4\u00e4 ole osallisia esi-isiemme ja esi\u00e4itiemme t\u00e4rkeimm\u00e4st\u00e4 musiikin tekemisen tavasta!<\/i><\/p>\n<p><i>Onneksi kaikki eiv\u00e4t ole antaneet periksi. Ilona ja Taito l\u00f6ysiv\u00e4t runolaulun loputtoman maailman jo nelj\u00e4nnesvuosisata sitten ja huomasivat, kuinka vaativa ty\u00f6 on omaksua vanhan ajan estetiikka ja maailmankatsomus. Ja kuinka hankalaa nykyajan keskell\u00e4!<br \/>\nYksi ihmisel\u00e4m\u00e4 ei tahdo riitt\u00e4\u00e4, sill\u00e4 runolaulu on kokonainen laulukulttuuri.<\/i><\/p>\n<p><i>Onneksi he l\u00f6ysiv\u00e4t itselleen parhaat mahdolliset oppaat. Satojen historian kirjoihin j\u00e4\u00e4neiden runolaulajien joukossa on kaksi ylitse muiden: Arhippa Perttunen (1769-1841) Vienan Karjalan Latvaj\u00e4rvelt\u00e4 ja Larin Paraske (1833-1904) Mets\u00e4kyl\u00e4n Vaskelasta, Laatokan rantapit\u00e4j\u00e4st\u00e4. He ovat n\u00e4iden esitysten innoittajia. Heid\u00e4n opissaan Taito ja Ilona ovat olleet kaikki n\u00e4m\u00e4 vuodet ja saaneet tiet\u00e4\u00e4, mist\u00e4 runolaulussa oikein on kysymys. Miten tullaan mestarirunolaulajaksi? Miten opitaan laulamaan niin, ett\u00e4 itse unohtuu ja kertomus saa vallan ja laulussa s\u00e4ilyy salaper\u00e4inen ja monis\u00e4rm\u00e4inen runomitta.<\/i><\/p>\n<p><i>Ilona ja Taito ovat p\u00e4\u00e4sseet jo niin pitk\u00e4lle, ettei tunnu kaukaa haetulta sanoa: he ovat t\u00e4m\u00e4n p\u00e4iv\u00e4n Paraske ja Arhippa. Perinne jatkuu el\u00e4v\u00e4n\u00e4, t\u00e4m\u00e4n p\u00e4iv\u00e4n ilmaisuvoimaisena lauluna. Meille sallitaan j\u00e4lleen s\u00e4estyksett\u00f6m\u00e4n soololaulun lumo.<\/i><\/p>\n<p><i>Heikki Laitinen, emeritusprofessori, runolauluis\u00e4<\/i><\/p><\/blockquote>\n<p>Levyn ulkoasu on tavallisesta poikkeava, taideteos jo itsess\u00e4\u00e4n. Ekologisesta kansitaiteesta vastaa valokuvaaja, taiteilija Sami Repo. Kukin levy on sinet\u00f6ity runolaulajapariskunnan vihkisormuksilla.<\/p>\n<p>Lataa<a href=\"http:\/\/www.handu.fi\/ilonakorhonen\/kuka-mita\/promokuvat\/\"> promokuvat t\u00e4\u00e4lt\u00e4<\/a>.<\/p>\n<p>Levyn voi tilata<a href=\"https:\/\/handu.fi\/shop\/tuote\/ilunlevykauppa\/uutuus-ilona-korhonen-taito-hoffren-mina-paraske-sina-arhippa\/\"> Handun verkkokaupasta<\/a>. Promokappaleet: ilona@aania.fi<\/p>\n<p>Postitamme kaikkialle maailmaan.<\/p>\n<h6>\u00a0<a href=\"https:\/\/drive.google.com\/open?id=1c6C3mkvTxcMKCwoeQlDndvvVaAaIIdRY\"><img decoding=\"async\" loading=\"lazy\" class=\"wp-image-805 alignleft\" src=\"http:\/\/www.handu.fi\/ilonakorhonen\/wp-content\/uploads\/2018\/02\/ilona.jpeg\" alt=\"\" width=\"465\" height=\"460\" srcset=\"https:\/\/www.handu.fi\/ilonakorhonen\/wp-content\/uploads\/2018\/02\/ilona.jpeg 754w, https:\/\/www.handu.fi\/ilonakorhonen\/wp-content\/uploads\/2018\/02\/ilona-300x297.jpeg 300w\" sizes=\"(max-width: 465px) 100vw, 465px\" \/><\/a><\/h6>\n<h6><\/h6>\n<h6><\/h6>\n<h6><\/h6>\n<h6><\/h6>\n<h6><\/h6>\n<h6><\/h6>\n<h6><\/h6>\n<h6><\/h6>\n<h6><\/h6>\n<h6><\/h6>\n<h6><a href=\"https:\/\/drive.google.com\/file\/d\/1txuuHgdfSOfRKp9pBgeeViVDrtuiXdQa\/view?usp=sharing\"><img decoding=\"async\" loading=\"lazy\" class=\"wp-image-806 alignnone\" src=\"http:\/\/www.handu.fi\/ilonakorhonen\/wp-content\/uploads\/2018\/02\/Taito.jpg\" alt=\"\" width=\"465\" height=\"458\" srcset=\"https:\/\/www.handu.fi\/ilonakorhonen\/wp-content\/uploads\/2018\/02\/Taito.jpg 757w, https:\/\/www.handu.fi\/ilonakorhonen\/wp-content\/uploads\/2018\/02\/Taito-300x295.jpg 300w\" sizes=\"(max-width: 465px) 100vw, 465px\" \/><\/a><\/h6>\n<h6><\/h6>\n<h6><\/h6>\n<p style=\"text-align: center;\">Lis\u00e4tiedot ja haastattelupyynn\u00f6t:<\/p>\n<p style=\"text-align: center;\"><a href=\"http:\/\/www.aania.fi\/\">www.aania.fi<\/a><\/p>\n<p style=\"text-align: center;\">www.ilonakorhonen.com<\/p>\n<p style=\"text-align: center;\">ilona@aania.fi<\/p>\n<p style=\"text-align: center;\"><a href=\"mailto:taito.hoffren@aania.fi\">taito.hoffren@aania.fi<\/a><\/p>\n<p style=\"text-align: center;\">Ilona Korhonen GSM +358 40 8218762<\/p>\n<p style=\"text-align: center;\">Taito Hoffr\u00e9n GSM +358 40 550 6441<\/p>\n<h6><\/h6>\n<h6><\/h6>\n<h6><\/h6>\n<h6><\/h6>\n<h6><\/h6>\n<h6><\/h6>\n<h6><\/h6>\n<h6><\/h6>\n<h6><\/h6>\n<h6><\/h6>\n<h6><\/h6>\n<h6><\/h6>\n<h6><\/h6>\n<h6><\/h6>\n<h6><\/h6>\n<h6><\/h6>\n<h6><\/h6>\n<h6>8.1.2020<\/h6>\n<p>Uusi vuosi on alkanut uusine kujeineen. Alkuvuoden suuri ponnistus on suuri Iki-Turso -ryhm\u00e4n 20-vuotisjuhlarunolauluviikko, joka lauletaan upealla joukolla helmikuussa, Kalevalanp\u00e4iv\u00e4n ymp\u00e4rill\u00e4. Esiintymispaikkoja ovat Helsingin keskustassa mm. Keskustakirjasto Oodi, Musiikkitalo ja Kansallismuseo. Iki-Tursossa esiintyv\u00e4t lis\u00e4kseni Eila Hartikainen, Taito Hoffr\u00e9n, Maari Kallberg, Heikki Laitinen, Anna-Kaisa Liedes, Outi Pulkkinen ja Juha Valkeap\u00e4\u00e4. Sumen kulttuurirahasto on my\u00f6nt\u00e4nyt viime vuonna t\u00e4t\u00e4 viikkoa varten hyv\u00e4n ty\u00f6skentelyapurahan.<\/p>\n<p>Lue lis\u00e4\u00e4 Iki-Tursosta uusilta sivuilta<a href=\"http:\/\/www.ikiturso.fi\"> <span style=\"text-decoration: underline;\">www.ikiturso.fi<\/span><\/a> ja lehdist\u00f6tiedotteen voit lukea <a href=\"http:\/\/www.handu.fi\/ikiturso\/\"><span style=\"text-decoration: underline;\">t\u00e4st\u00e4 linkist\u00e4. <\/span><\/a><\/p>\n<p>Lis\u00e4ksi alkukev\u00e4\u00e4st\u00e4 kuvataan naamatauluani mm. televisioon, siit\u00e4 my\u00f6hemmin lis\u00e4\u00e4.<\/p>\n<p>*<\/p>\n<p>Koneen S\u00e4\u00e4ti\u00f6 my\u00f6nsi Suomen Romanimuseolle suuren apurahan romanimusiikin ja -kulttuurin tallentamiseen ja nuotinnusty\u00f6h\u00f6n. Olen ilokseni mukana t\u00e4ss\u00e4 hankeessa ja Hilja Gr\u00f6nforsin musiikin muistiinpanoty\u00f6 jatkuu vuoden 2021 alussa.<\/p>\n<p>Jos viel\u00e4 kaipaat runolaulu- tai kansanlaululusikallista tai asiantuntijaa, ota ihmeess\u00e4 yhteytt\u00e4! ilona@aania.fi<\/p>\n<p>ilona<\/p>\n<h6><\/h6>\n<p><img decoding=\"async\" loading=\"lazy\" class=\"alignright wp-image-797\" src=\"http:\/\/www.handu.fi\/ilonakorhonen\/wp-content\/uploads\/2018\/02\/ikiturso-1024x683.jpeg\" alt=\"\" width=\"717\" height=\"478\" srcset=\"https:\/\/www.handu.fi\/ilonakorhonen\/wp-content\/uploads\/2018\/02\/ikiturso-1024x683.jpeg 1024w, https:\/\/www.handu.fi\/ilonakorhonen\/wp-content\/uploads\/2018\/02\/ikiturso-300x200.jpeg 300w, https:\/\/www.handu.fi\/ilonakorhonen\/wp-content\/uploads\/2018\/02\/ikiturso-768x512.jpeg 768w, https:\/\/www.handu.fi\/ilonakorhonen\/wp-content\/uploads\/2018\/02\/ikiturso-1080x720.jpeg 1080w, https:\/\/www.handu.fi\/ilonakorhonen\/wp-content\/uploads\/2018\/02\/ikiturso.jpeg 1620w\" sizes=\"(max-width: 717px) 100vw, 717px\" \/><\/p>\n<h6><\/h6>\n<h6><\/h6>\n<h6><\/h6>\n<h6><\/h6>\n<h6><\/h6>\n<h6><\/h6>\n<h6><\/h6>\n<h6><\/h6>\n<h6><\/h6>\n<h6><\/h6>\n<h6><\/h6>\n<h6><\/h6>\n<h6><\/h6>\n<h6><\/h6>\n<h6>3.8.2019<\/h6>\n<p>Keikka Promseilla oli menestys. Timo Alakotilan sovittamat preludit Sibeliuksen viulukonsertolle ja 5. sinfonialle johdattelivat yleis\u00f6n Sibeliuksen mielenmaisemaan. Timo Alakotilan kansanmusiikkiremmin mukana olivat Taito Hoffr\u00e9n, Ilona Korhonen ja Minna-Liisa Tammela (laulu), Vilma Timonen (kantele) sek\u00e4 Alakotila itse. Porukkaa t\u00e4ydensi Pekka Kuusisto viuluineen. Katso hauska BBC:n tallenne konsertin <a href=\"https:\/\/www.bbc.co.uk\/programmes\/articles\/RYKJcQBWJTB1h7dsDjTGx0\/pekka-enlists-audience-choir-of-thousands-for-magical-proms-encore\">kansanlauluencoresta<\/a>!<\/p>\n<p>Syyskaudelle mahtuu viel\u00e4 inspiroivia proggiksia ja keikkoja, otapa yhteytt\u00e4! ilona@aania.fi<\/p>\n<h6>4.3.2019<\/h6>\n<p>Hiljaisempi ty\u00f6vaihe s\u00e4vellyst\u00f6iden parissa alkaa avautua my\u00f6s keikkarintaman osalta, tosin tulevat keikat ovat p\u00e4\u00e4osin ulkomailla. L\u00e4hiaikoina keikkapaikkakuntia ovat mm. Rotterdam, Lontoo, Brugge ja Nurmes!<\/p>\n<p>\u00c4\u00e4ni- ja runolauluteatteri Iki-Turso vastaanotti mojovan apurahan 28.2. Suomen Kulttuurirahaston p\u00e4\u00e4rahaston vuosijuhlassa. Apurahalla esitet\u00e4\u00e4n syksyll\u00e4 Iki-Turson 20-vuotisjuhlakonserttip\u00f6hin\u00e4t. Iki-Tursossa esiintyv\u00e4t Eila Hartikainen, Taito Hoffr\u00e9n, Maari Kallberg, Ilona Korhonen, Heikki Laitinen, Anna-Kaisa Liedes, Outi Pulkkinen ja Juha Valkeap\u00e4\u00e4. Suurta runolaulutaidetta siis on luvassa syyskaudella, pysy kuulolla!<\/p>\n<p>Alkukalevala-produktion ensimm\u00e4ist\u00e4 konserttia, Sammon ry\u00f6st\u00f6\u00e4, esitettiin viime vuonna. T\u00e4n\u00e4 vuonna enskariin saadaan toinen Kullervo! T\u00e4st\u00e4kin lis\u00e4\u00e4 my\u00f6hemmin.<\/p>\n<p>Soololevyst\u00e4 kuulette pian lis\u00e4\u00e4. Suunnitelmat ovat jalostuneet matkalla ja jotain yll\u00e4tt\u00e4v\u00e4\u00e4kin on tuloillaan.<br \/>\n<img decoding=\"async\" loading=\"lazy\" class=\"wp-image-757 alignleft\" src=\"http:\/\/www.handu.fi\/ilonakorhonen\/wp-content\/uploads\/2017\/04\/mammaruno1-1024x760.jpg\" alt=\"\" width=\"546\" height=\"405\" srcset=\"https:\/\/www.handu.fi\/ilonakorhonen\/wp-content\/uploads\/2017\/04\/mammaruno1-1024x760.jpg 1024w, https:\/\/www.handu.fi\/ilonakorhonen\/wp-content\/uploads\/2017\/04\/mammaruno1-300x223.jpg 300w, https:\/\/www.handu.fi\/ilonakorhonen\/wp-content\/uploads\/2017\/04\/mammaruno1-768x570.jpg 768w, https:\/\/www.handu.fi\/ilonakorhonen\/wp-content\/uploads\/2017\/04\/mammaruno1-1080x802.jpg 1080w, https:\/\/www.handu.fi\/ilonakorhonen\/wp-content\/uploads\/2017\/04\/mammaruno1.jpg 1281w\" sizes=\"(max-width: 546px) 100vw, 546px\" \/>Pysyk\u00e4\u00e4 kanavalla!<\/p>\n<p>ilona<\/p>\n","protected":false},"excerpt":{"rendered":"<p>6.3.2021 Uusi promokuvia otettiin taas kes\u00e4n tarpeisiin. Stylistin\u00e4, modistina ja kuvaajana j\u00e4lleen uskomaton Tatu Rouvinen (mainittava kuvia k\u00e4ytett\u00e4ess\u00e4). Pikkukuvista klikkaamalla latautuvat t\u00e4yskokoiset kuvat. Lis\u00e4\u00e4 vaihtoehtoja on ladattavana t\u00e4st\u00e4 linkist\u00e4: promokuvat 10.2.2023 Runolaulajan kes\u00e4st\u00e4 on tulossa kiireinen, monikin festivaali on innokkaasti kysellyt omaa runolauluannostaan! Julkaisen lis\u00e4tietoja, kun niit\u00e4 julkaistaan. Suurhankkeestamme Laulettu Kalevala julkaistaan ensimm\u00e4inen osio Kalevalan &hellip; <\/p>\n<p class=\"link-more\"><a href=\"https:\/\/www.handu.fi\/ilonakorhonen\/uutisia\/\" class=\"more-link\">Jatka lukemista<span class=\"screen-reader-text\"> &#8221;uutisia&#8221;<\/span><\/a><\/p>\n","protected":false},"author":1,"featured_media":0,"parent":0,"menu_order":0,"comment_status":"closed","ping_status":"closed","template":"","meta":[],"_links":{"self":[{"href":"https:\/\/www.handu.fi\/ilonakorhonen\/wp-json\/wp\/v2\/pages\/770"}],"collection":[{"href":"https:\/\/www.handu.fi\/ilonakorhonen\/wp-json\/wp\/v2\/pages"}],"about":[{"href":"https:\/\/www.handu.fi\/ilonakorhonen\/wp-json\/wp\/v2\/types\/page"}],"author":[{"embeddable":true,"href":"https:\/\/www.handu.fi\/ilonakorhonen\/wp-json\/wp\/v2\/users\/1"}],"replies":[{"embeddable":true,"href":"https:\/\/www.handu.fi\/ilonakorhonen\/wp-json\/wp\/v2\/comments?post=770"}],"version-history":[{"count":52,"href":"https:\/\/www.handu.fi\/ilonakorhonen\/wp-json\/wp\/v2\/pages\/770\/revisions"}],"predecessor-version":[{"id":909,"href":"https:\/\/www.handu.fi\/ilonakorhonen\/wp-json\/wp\/v2\/pages\/770\/revisions\/909"}],"wp:attachment":[{"href":"https:\/\/www.handu.fi\/ilonakorhonen\/wp-json\/wp\/v2\/media?parent=770"}],"curies":[{"name":"wp","href":"https:\/\/api.w.org\/{rel}","templated":true}]}}