{"id":535,"date":"2015-09-04T11:15:14","date_gmt":"2015-09-04T11:15:14","guid":{"rendered":"http:\/\/www.handu.fi\/ilonakorhonen\/?page_id=535"},"modified":"2023-01-09T06:24:35","modified_gmt":"2023-01-09T06:24:35","slug":"levyt","status":"publish","type":"page","link":"https:\/\/www.handu.fi\/ilonakorhonen\/levyt\/","title":{"rendered":"levyt"},"content":{"rendered":"\n<p><\/p>\n\n\n\n<div class=\"is-layout-flex wp-container-4 wp-block-columns\">\n<div class=\"is-layout-flow wp-block-column\" style=\"flex-basis:100%\">\n<figure class=\"is-layout-flex wp-block-gallery-1 wp-block-gallery has-nested-images columns-4 is-cropped\">\n<figure class=\"wp-block-image size-large\"><a href=\"https:\/\/www.handu.fi\/ilonakorhonen\/levyt\/#tarkkapaa\"><img decoding=\"async\" loading=\"lazy\" width=\"237\" height=\"213\" src=\"https:\/\/www.handu.fi\/ilonakorhonen\/wp-content\/uploads\/2015\/09\/tarkkapaa.jpeg\" alt=\"\" class=\"wp-image-645\"\/><\/a><figcaption class=\"wp-element-caption\">Tarkka p\u00e4\u00e4, tania mieli<\/figcaption><\/figure>\n\n\n\n<figure class=\"wp-block-image size-large\"><a href=\"https:\/\/www.handu.fi\/ilonakorhonen\/levyt\/#aulis\"><img decoding=\"async\" loading=\"lazy\" width=\"450\" height=\"403\" src=\"https:\/\/www.handu.fi\/ilonakorhonen\/wp-content\/uploads\/2015\/09\/ILONAJAHUVINA_ISO.jpg\" alt=\"\" class=\"wp-image-644\" srcset=\"https:\/\/www.handu.fi\/ilonakorhonen\/wp-content\/uploads\/2015\/09\/ILONAJAHUVINA_ISO.jpg 450w, https:\/\/www.handu.fi\/ilonakorhonen\/wp-content\/uploads\/2015\/09\/ILONAJAHUVINA_ISO-300x269.jpg 300w\" sizes=\"(max-width: 450px) 100vw, 450px\" \/><\/a><figcaption class=\"wp-element-caption\">Aulis<\/figcaption><\/figure>\n\n\n\n<figure class=\"wp-block-image size-large\"><a href=\"https:\/\/www.handu.fi\/ilonakorhonen\/levyt\/#seppo\"><img decoding=\"async\" loading=\"lazy\" width=\"800\" height=\"664\" src=\"https:\/\/www.handu.fi\/ilonakorhonen\/wp-content\/uploads\/2015\/09\/seppokansi_800px.jpg\" alt=\"\" class=\"wp-image-652\" srcset=\"https:\/\/www.handu.fi\/ilonakorhonen\/wp-content\/uploads\/2015\/09\/seppokansi_800px.jpg 800w, https:\/\/www.handu.fi\/ilonakorhonen\/wp-content\/uploads\/2015\/09\/seppokansi_800px-300x249.jpg 300w\" sizes=\"(max-width: 767px) 89vw, (max-width: 1000px) 54vw, (max-width: 1071px) 543px, 580px\" \/><\/a><figcaption class=\"wp-element-caption\">Seppo<\/figcaption><\/figure>\n\n\n\n<figure class=\"wp-block-image size-large\"><a href=\"https:\/\/www.handu.fi\/ilonakorhonen\/levyt\/#marianvirsi\"><img decoding=\"async\" loading=\"lazy\" width=\"200\" height=\"182\" src=\"https:\/\/www.handu.fi\/ilonakorhonen\/wp-content\/uploads\/2011\/04\/mariapieni.jpg\" alt=\"\" class=\"wp-image-109\"\/><\/a><figcaption class=\"wp-element-caption\">Marian virsi<\/figcaption><\/figure>\n<\/figure>\n<\/div>\n<\/div>\n\n\n\n<hr class=\"wp-block-separator has-alpha-channel-opacity\"\/>\n\n\n\n<div class=\"is-layout-flex wp-container-8 wp-block-columns\" id=\"tarkkapaa\">\n<div class=\"is-layout-flow wp-block-column\">\n<h2>Tarkka p\u00e4\u00e4, tania mieli<\/h2>\n\n\n\n<figure class=\"wp-block-image size-full\"><a href=\"http:\/\/www.handu.fi\/ilonakorhonen\/wp-content\/uploads\/2015\/09\/tarkkapaa.jpeg\"><img decoding=\"async\" loading=\"lazy\" width=\"237\" height=\"213\" src=\"http:\/\/www.handu.fi\/ilonakorhonen\/wp-content\/uploads\/2015\/09\/tarkkapaa.jpeg\" alt=\"\" class=\"wp-image-645\"\/><\/a><\/figure>\n<\/div>\n\n\n\n<div class=\"is-layout-flow wp-block-column\">\n<p>Huhtikuun 13. p\u00e4iv\u00e4n\u00e4 2009 ilmestyi Ilona Korhonen Enseblen esikoislevy\u00a0<em>Tarkka p\u00e4\u00e4, tania mieli<\/em>. Muusikko (MuM) Ilona Korhosen seitsem\u00e4lletoista nais\u00e4\u00e4nelle s\u00e4velt\u00e4m\u00e4 Tarkka p\u00e4\u00e4, tania mieli -kansanlaulukuoroteos perustuu kautta aikain kuuluisimman inkeril\u00e4isen runolaulajan\u00a0<strong>Larin Parasken<\/strong>\u00a0teksteihin.<\/p>\n\n\n\n<p>Teos k\u00e4sittelee ihmisen erilaisia velvoitteita, tarpeita ja m\u00e4\u00e4ritteit\u00e4 sosiaalisissa yhteis\u00f6iss\u00e4. Tarkka p\u00e4\u00e4, tania mieli on osa Ilona Korhosen taiteellista tohtorintutkintoa Sibelius-Akatemian kansanmusiikin osastolla.<\/p>\n\n\n\n<p>Esiintyjiin voit tutustua<a href=\"https:\/\/web.archive.org\/web\/20210612173627\/http:\/\/www.handu.fi\/ilonakorhonen\/?page_id=47\">&nbsp;t\u00e4st\u00e4 linkist\u00e4.<\/a><\/p>\n\n\n\n<p>Tilaa levy&nbsp;<a href=\"https:\/\/web.archive.org\/web\/20210612173627\/http:\/\/www.handu.fi\/shop\/\">Handusta.<\/a><\/p>\n<\/div>\n\n\n\n<div class=\"is-layout-flow wp-block-column\">\n<p><strong>Sis\u00e4lt\u00f6:<\/strong><\/p>\n\n\n\n<p>1. Intro<br>2. Laulasihan mie kotona<br>3. Kanteleensoitto<br>4. Lauloin ennen taisin ennen [<a href=\"https:\/\/web.archive.org\/web\/20210612173627\/http:\/\/ikensemble.fi\/tiedostot\/IKE-demo01.mp3\">kuuntele n\u00e4yte<\/a>] 5. Kuka kuuli laulavaini<br>6. En itke talon tappoi [<a href=\"https:\/\/web.archive.org\/web\/20210612173627\/http:\/\/ikensemble.fi\/tiedostot\/IKE-demo03.mp3\">kuuntele n\u00e4yte<\/a>] 7. M\u00e4nin merel kylp\u00f6m\u00e4\u00e4<br>8. Paavele joo [<a href=\"https:\/\/web.archive.org\/web\/20210612173627\/http:\/\/ikensemble.fi\/tiedostot\/IKE-demo02.mp3\">kuuntele n\u00e4yte<\/a>]<\/p>\n\n\n\n<p>Levy on nauhoitettu Kallio-Kuninkalassa J\u00e4rvenp\u00e4\u00e4ss\u00e4 20.9.2008.<br>\u00c4\u00e4nitys ja miksaus: Taito Hoffr\u00e9n \/&nbsp;<a href=\"https:\/\/web.archive.org\/web\/20210612173627\/http:\/\/aania.fi\/\">aania.fi<\/a><br>(c) &amp; (p) Kanteleen \u00c4\u00e4ni\u00e4 2009<\/p>\n<\/div>\n<\/div>\n\n\n\n<hr class=\"wp-block-separator has-alpha-channel-opacity\"\/>\n\n\n\n<div class=\"is-layout-flex wp-container-12 wp-block-columns\" id=\"aulis\">\n<div class=\"is-layout-flow wp-block-column\">\n<h2>Aulis<\/h2>\n\n\n\n<p><a href=\"https:\/\/web.archive.org\/web\/20210612173627\/http:\/\/www.handu.fi\/ilonakorhonen\/?page_id=27\">Ilona ja Huvina<\/a>&nbsp;julkaisi debyyttilevyns\u00e4 Aulis alkutalvesta 2006.<\/p>\n\n\n\n<p>Levy sis\u00e4lt\u00e4\u00e4 tuntehikkaita lauluja rakkauden cilill\u00e4 maustettuina ja k\u00e4rsimyksen kermalla notkistettuina.<\/p>\n\n\n\n<p>Levyn voit tilata&nbsp;<a href=\"https:\/\/web.archive.org\/web\/20210612173627\/http:\/\/www.handu.fi\/ilonakorhonen\/shop\">Handusta<\/a>.<\/p>\n\n\n\n<p><strong>S\u00e4vellykset ja sanat:<\/strong>\u00a0Ilona Korhonen<br><strong>Sovitukset:<\/strong>\u00a0Ilona ja Huvina<\/p>\n<\/div>\n\n\n\n<div class=\"is-layout-flow wp-block-column\">\n<p><strong>Esiintyjin\u00e4:<\/strong><br>Eero Grundstr\u00f6m; harmooni, huuliharppu, melodika, taustalaulu<br>Ilona Korhonen; laulu<br>Lassi Logr\u00e9n; viulu, nyckelharpa, taustalaulu<br>Sara Puljula; kontrabasso, taustalaulu<br><strong>\u00c4\u00e4nitys:<\/strong>&nbsp;Taito Hoffr\u00e9n\/<a href=\"https:\/\/web.archive.org\/web\/20210612173627\/http:\/\/www.aania.fi\/\">\u00c4\u00e4ni\u00e4<\/a><br><strong>Miksaus ja masterointi:<\/strong>&nbsp;Taito Hoffr\u00e9n\/<a href=\"https:\/\/web.archive.org\/web\/20210612173627\/http:\/\/www.aania.fi\/\">\u00c4\u00e4ni\u00e4<\/a><br><strong>\u00c4\u00e4nitetty, miksattu ja masteroitu<\/strong>&nbsp;Kanteleen kyl\u00e4ll\u00e4 \u00c4\u00e4ni\u00e4-studiolla kev\u00e4\u00e4ll\u00e4 ja kes\u00e4ll\u00e4 2005<br><strong>Layout:&nbsp;<\/strong>Paula Susitaival<br><strong>Foto:&nbsp;<\/strong>Sami Repo<strong><br>Tuottaja:&nbsp;<\/strong>Lassi Logr\u00e9n<br><strong>c &amp; p:&nbsp;<\/strong><a href=\"https:\/\/web.archive.org\/web\/20210612173627\/http:\/\/www.aania.fi\/\">\u00c4\u00e4ni\u00e4<\/a><\/p>\n<\/div>\n\n\n\n<div class=\"is-layout-flow wp-block-column\">\n<figure class=\"wp-block-image size-full\"><a href=\"http:\/\/www.handu.fi\/ilonakorhonen\/wp-content\/uploads\/2015\/09\/ILONAJAHUVINA_ISO.jpg\"><img decoding=\"async\" loading=\"lazy\" width=\"450\" height=\"403\" src=\"http:\/\/www.handu.fi\/ilonakorhonen\/wp-content\/uploads\/2015\/09\/ILONAJAHUVINA_ISO.jpg\" alt=\"\" class=\"wp-image-644\" srcset=\"https:\/\/www.handu.fi\/ilonakorhonen\/wp-content\/uploads\/2015\/09\/ILONAJAHUVINA_ISO.jpg 450w, https:\/\/www.handu.fi\/ilonakorhonen\/wp-content\/uploads\/2015\/09\/ILONAJAHUVINA_ISO-300x269.jpg 300w\" sizes=\"(max-width: 450px) 100vw, 450px\" \/><\/a><\/figure>\n<\/div>\n<\/div>\n\n\n\n<hr class=\"wp-block-separator has-alpha-channel-opacity\"\/>\n\n\n\n<div class=\"is-layout-flex wp-container-16 wp-block-columns\" id=\"seppo\">\n<div class=\"is-layout-flow wp-block-column\">\n<h2>Seppo<\/h2>\n\n\n\n<figure class=\"wp-block-image size-full\"><a href=\"http:\/\/www.handu.fi\/ilonakorhonen\/wp-content\/uploads\/2015\/09\/seppokansi_800px.jpg\"><img decoding=\"async\" loading=\"lazy\" width=\"800\" height=\"664\" src=\"http:\/\/www.handu.fi\/ilonakorhonen\/wp-content\/uploads\/2015\/09\/seppokansi_800px.jpg\" alt=\"\" class=\"wp-image-652\" srcset=\"https:\/\/www.handu.fi\/ilonakorhonen\/wp-content\/uploads\/2015\/09\/seppokansi_800px.jpg 800w, https:\/\/www.handu.fi\/ilonakorhonen\/wp-content\/uploads\/2015\/09\/seppokansi_800px-300x249.jpg 300w\" sizes=\"(max-width: 767px) 89vw, (max-width: 1000px) 54vw, (max-width: 1071px) 543px, 580px\" \/><\/a><\/figure>\n<\/div>\n\n\n\n<div class=\"is-layout-flow wp-block-column\">\n<p><a href=\"https:\/\/web.archive.org\/web\/20210612173627\/http:\/\/www.handu.fi\/ilonakorhonen\/?page_id=23\">Vonkaleen<\/a>\u00a0ensialbumi\u00a0<em>Seppo<\/em>\u00a0julkaistiin helmikuussa 2004 (Roima). Levy sis\u00e4lt\u00e4\u00e4 Ilona Korhosen s\u00e4velt\u00e4mi\u00e4 ja sanoittamia kappaleita, jotka h\u00e4n on sovittanut yhdess\u00e4 Vonkaleen toisen artistin Pauliina Syrj\u00e4l\u00e4n kanssa.<\/p>\n\n\n\n<p>Levyn voit tilata\u00a0<a href=\"https:\/\/web.archive.org\/web\/20210612173627\/http:\/\/www.handu.fi\/shop\">Handusta<\/a>.<\/p>\n\n\n\n<h4><strong>TUOTESELOSTE<\/strong><\/h4>\n\n\n\n<p>Levyn kipaleet:<\/p>\n\n\n\n<ol>\n<li>Seppo<\/li>\n\n\n\n<li>Suvivirsi<\/li>\n\n\n\n<li>Hullu nainen ullakolla<\/li>\n\n\n\n<li>U.K.<\/li>\n\n\n\n<li>Laulajan ty\u00f6<\/li>\n\n\n\n<li>Perttil\u00e4<\/li>\n\n\n\n<li>Meijerilaulu<\/li>\n\n\n\n<li>Lisko<\/li>\n\n\n\n<li>Punatukkaiselle<\/li>\n\n\n\n<li>Sitten kun<\/li>\n\n\n\n<li>Lahdella<\/li>\n\n\n\n<li>60 vuotta<\/li>\n<\/ol>\n<\/div>\n\n\n\n<div class=\"is-layout-flow wp-block-column\">\n<p><strong>S\u00e4vellykset ja sanoitukset:<\/strong>&nbsp;Ilona Korhonen<br>paitsi 7) osittain trad. sek\u00e4 11) trad.<br><strong>Sovitukset:<\/strong>&nbsp;Ilona Korhonen ja Pauliina Kauhanen<\/p>\n\n\n\n<p><strong>Muusisointi:<\/strong>&nbsp;VONKALE [Ilona Korhonen, laulu, ja Pauliina Kauhanen, kanteleet, laulu, huuliharppu] sek\u00e4 Taito Hoffr\u00e9n ja Mikko Perkoila, taustalaulu.<\/p>\n\n\n\n<p><strong>\u00c4\u00e4nitys ja miksaus:<\/strong>&nbsp;Taito Hoffr\u00e9n\/\u00c4\u00e4ni\u00e4<br>\u00c4\u00e4nitetty Keuruulla Mustasaarentien ja Ruuhipolun risteyksess\u00e4 sek\u00e4 Pukkilan Kanteleen kyl\u00e4ss\u00e4 \u00c4\u00e4ni\u00e4-studiolla syksyll\u00e4 2003.<br><strong>Masterointi:<\/strong>&nbsp;Jp M\u00f6nkk\u00f6nen, CD-Linja, Vantaa<br><strong>Valokuvat:<\/strong>&nbsp;Sami Repo<br><strong>Layout:<\/strong>&nbsp;Paula Susitaival<br><strong>Tuottaja:<\/strong>&nbsp;<a href=\"https:\/\/web.archive.org\/web\/20210612173627\/http:\/\/www.saunalahti.fi\/perkoila\/\">Mikko Perkoila<\/a><br><strong>Sepon tarina:<\/strong>&nbsp;Timo Syrj\u00e4l\u00e4<br><strong>(p) &amp; (c):<\/strong>&nbsp;2004 Roimamusiikki, Harjutie 3 C 13, 04400 J\u00e4rvenp\u00e4\u00e4<\/p>\n<\/div>\n<\/div>\n\n\n\n<hr class=\"wp-block-separator has-alpha-channel-opacity\"\/>\n\n\n\n<div class=\"is-layout-flex wp-container-19 wp-block-columns\" id=\"marianvirsi\">\n<div class=\"is-layout-flow wp-block-column\" style=\"flex-basis:66.66%\">\n<h2>Marian virsi<\/h2>\n\n\n\n<p>Vantaan kamarikuoron levy&nbsp;<em>Marian virsi<\/em>&nbsp;julkaisiin Marian ilmestysp\u00e4iv\u00e4n\u00e4 13.3.2005.<\/p>\n\n\n\n<p><em>marjani m\u00e4jelt\u00e4 huuti<br>puolukkaini kankahalta<br>tule neito poimimahan<br>tinarinta riipomahan<br>ennen kuin etona sy\u00f6ve<br>mato musta muikkoali<\/em><\/p>\n\n\n\n<p><em>\u201dMarian virsi<\/em>&nbsp;on s\u00e4velt\u00e4m\u00e4ni runolauluevankeliumi kamarikuorolle ja solisteille. Marian virren teksti on vienankarjalaisen runolaulajan Arhippa Perttusen laulama ja sen on muistiin kirjannut Perttuselta itse Elias L\u00f6nnrot.<\/p>\n\n\n\n<p>Tutkija-nuotintajan ty\u00f6ni Suomalaisen Kirjallisuuden Seuran \u00e4\u00e4nitearkiston runolaulututkimusprojektissa vuodesta 2002 alkaen sek\u00e4 sit\u00e4 edelt\u00e4v\u00e4 pitk\u00e4 ty\u00f6 esiintyv\u00e4n\u00e4 runolaulajana, on vienyt minut uskomattomalle matkalle vienankarjalaisten ja inkeril\u00e4isten runolaulajien ihon alle.<\/p>\n\n\n\n<p>T\u00e4m\u00e4n Perttusen Marian virsi -tekstin tyylipuhtaus, ilmaisurikkaus, vihvahteikkuus, kauneus ja tunnelmallisuus sys\u00e4siv\u00e4t minut suunnittelemaan vallan erikoista joulukonserttia Vantaan kamarikuorolle jouluksi 2003. P\u00e4\u00e4tin heti, ett\u00e4 konsertti on sis\u00e4lt\u00e4v\u00e4 paitsi runolaulua kamarikuoron keinovaroin esitettyn\u00e4, my\u00f6s \u00e4\u00e4ni-improvisaatiota ja arkisten perkussiosoitinten \u00e4\u00e4ni\u00e4.<\/p>\n\n\n\n<p>Vaikka teoksen tekstin sis\u00e4lt\u00f6 ei sin\u00e4ns\u00e4 ole jouluaiheinen, teksti sivuaa joulua \u2013 mutta my\u00f6s muita kirkollisia pyhi\u00e4. Marian virsi kertoo kansanlaulajan version Marian raskaaksitulosta, Jeesuksen syntym\u00e4st\u00e4 talliin el\u00e4inten avustamana p\u00e4\u00e4tyen Jeesuksen yl\u00f6snousemukseen saakka. Monet n\u00e4ist\u00e4 runoaihelmista ovat tuttuja monilta runolaulajilta, mutta Perttusen versio on kunnioitettavan muheva ja t\u00e4ydellinen.<\/p>\n\n\n\n<p>Joulukonsertista piti alun perin tulla vain yksi joulukonsertti muiden joukossa. Mutta Marian virsip\u00e4 alkoikin kiehtoa yleis\u00f6\u00e4, kuorolaisia ja itse\u00e4ni ennalta-arvaamattomalla tavalla. N\u00e4in ollen p\u00e4\u00e4timme saattaa Marian virren levylle, kaiken kansan kuultavaksi ja mukana elett\u00e4v\u00e4ksi.<\/p>\n\n\n\n<p>Suosittelen Marian virren kuuntelemista rauhallisissa olosuhteissa levyn ohessa julkaistavan tekstivihkon kanssa: t\u00e4m\u00e4 levy ei ole taustamusiikkia!\u201d<br>(ilona korhonen)<\/p>\n<\/div>\n\n\n\n<div class=\"is-layout-flow wp-block-column\" style=\"flex-basis:33.33%\">\n<figure class=\"wp-block-image size-full\"><a href=\"http:\/\/www.handu.fi\/ilonakorhonen\/wp-content\/uploads\/2011\/04\/mariapieni.jpg\"><img decoding=\"async\" loading=\"lazy\" width=\"200\" height=\"182\" src=\"http:\/\/www.handu.fi\/ilonakorhonen\/wp-content\/uploads\/2011\/04\/mariapieni.jpg\" alt=\"\" class=\"wp-image-109\"\/><\/a><\/figure>\n\n\n\n<p><strong>S\u00e4vellys:<\/strong>\u00a0Ilona Korhonen<br><strong>Sanat:<\/strong>\u00a0trad.(Arhippa Perttunen)<br><strong>Esiintyjin\u00e4:\u00a0<\/strong>Vantaan kamarikuoro, kuoron solistit ja Ilona Korhonen<br><strong>\u00c4\u00e4nitys:<\/strong>\u00a0Taito Hoffr\u00e9n ja Kalle Vanhapelto\/<a href=\"https:\/\/web.archive.org\/web\/20210612173627\/http:\/\/www.aania.fi\/\">\u00c4\u00e4ni\u00e4<\/a><br><strong>Miksaus:<\/strong>Taito Hoffr\u00e9n\/<a href=\"https:\/\/web.archive.org\/web\/20210612173627\/http:\/\/www.aania.fi\/\">\u00c4\u00e4ni\u00e4<\/a><br><strong>\u00c4\u00e4nitetty\u00a0<\/strong>Myyrm\u00e4en kirkossa loppiaisena 2005<br><strong>Miksattu\u00a0<\/strong>Pukkilan Kanteleen kyl\u00e4ll\u00e4 \u00c4\u00e4ni\u00e4-studiolla<br><strong>Masterointi:\u00a0<\/strong>Jp M\u00f6nkk\u00f6nen\/CD-linja<br><strong>Layout:\u00a0<\/strong>Hanna Helasuo<br><strong>Kannen esittelytekstit:\u00a0<\/strong>Senni Timonen (SKS) ja Janne Ik\u00e4heimo<br><strong>Kannen maalaukset:\u00a0<\/strong>Sari Stajevic-Teodosin<br><strong>Kannen valokuvat:\u00a0<\/strong>Jussi Dimitrijeff,<br>paitsi\u00a0<strong>Ilonan kuva<\/strong>: Sami Repo<br><strong>Tuottaja:\u00a0<\/strong>Ilona Korhonen<br><strong>c &amp; p:<\/strong>\u00a0<a href=\"https:\/\/web.archive.org\/web\/20210612173627\/http:\/\/www.kamarikuoro.com\/\">Vantaan kamarikuoro 2005<\/a><\/p>\n<\/div>\n<\/div>\n","protected":false},"excerpt":{"rendered":"<p>Tarkka p\u00e4\u00e4, tania mieli Huhtikuun 13. p\u00e4iv\u00e4n\u00e4 2009 ilmestyi Ilona Korhonen Enseblen esikoislevy\u00a0Tarkka p\u00e4\u00e4, tania mieli. Muusikko (MuM) Ilona Korhosen seitsem\u00e4lletoista nais\u00e4\u00e4nelle s\u00e4velt\u00e4m\u00e4 Tarkka p\u00e4\u00e4, tania mieli -kansanlaulukuoroteos perustuu kautta aikain kuuluisimman inkeril\u00e4isen runolaulajan\u00a0Larin Parasken\u00a0teksteihin. Teos k\u00e4sittelee ihmisen erilaisia velvoitteita, tarpeita ja m\u00e4\u00e4ritteit\u00e4 sosiaalisissa yhteis\u00f6iss\u00e4. Tarkka p\u00e4\u00e4, tania mieli on osa Ilona Korhosen taiteellista tohtorintutkintoa &hellip; <\/p>\n<p class=\"link-more\"><a href=\"https:\/\/www.handu.fi\/ilonakorhonen\/levyt\/\" class=\"more-link\">Jatka lukemista<span class=\"screen-reader-text\"> &#8221;levyt&#8221;<\/span><\/a><\/p>\n","protected":false},"author":1,"featured_media":0,"parent":0,"menu_order":5,"comment_status":"closed","ping_status":"closed","template":"","meta":[],"_links":{"self":[{"href":"https:\/\/www.handu.fi\/ilonakorhonen\/wp-json\/wp\/v2\/pages\/535"}],"collection":[{"href":"https:\/\/www.handu.fi\/ilonakorhonen\/wp-json\/wp\/v2\/pages"}],"about":[{"href":"https:\/\/www.handu.fi\/ilonakorhonen\/wp-json\/wp\/v2\/types\/page"}],"author":[{"embeddable":true,"href":"https:\/\/www.handu.fi\/ilonakorhonen\/wp-json\/wp\/v2\/users\/1"}],"replies":[{"embeddable":true,"href":"https:\/\/www.handu.fi\/ilonakorhonen\/wp-json\/wp\/v2\/comments?post=535"}],"version-history":[{"count":21,"href":"https:\/\/www.handu.fi\/ilonakorhonen\/wp-json\/wp\/v2\/pages\/535\/revisions"}],"predecessor-version":[{"id":872,"href":"https:\/\/www.handu.fi\/ilonakorhonen\/wp-json\/wp\/v2\/pages\/535\/revisions\/872"}],"wp:attachment":[{"href":"https:\/\/www.handu.fi\/ilonakorhonen\/wp-json\/wp\/v2\/media?parent=535"}],"curies":[{"name":"wp","href":"https:\/\/api.w.org\/{rel}","templated":true}]}}